{"id":984,"date":"2025-10-20T10:42:05","date_gmt":"2025-10-20T08:42:05","guid":{"rendered":"https:\/\/budapest.krisna.hu\/?page_id=984"},"modified":"2026-02-25T10:41:37","modified_gmt":"2026-02-25T08:41:37","slug":"koszonjuk-szepen-a-jelentkezesed","status":"publish","type":"page","link":"https:\/\/budapest.krisna.hu\/en\/koszonjuk-szepen-a-jelentkezesed\/","title":{"rendered":"K\u00f6sz\u00f6nj\u00fck sz\u00e9pen a jelentkez\u00e9sed!"},"content":{"rendered":"<div data-elementor-type=\"wp-page\" data-elementor-id=\"984\" class=\"elementor elementor-984\" data-elementor-post-type=\"page\">\n\t\t\t\t<div class=\"elementor-element elementor-element-013056c e-flex e-con-boxed e-con e-parent\" data-id=\"013056c\" data-element_type=\"container\" data-e-type=\"container\" data-settings=\"{&quot;background_background&quot;:&quot;classic&quot;}\">\n\t\t\t\t\t<div class=\"e-con-inner\">\n\t\t\t\t<div class=\"elementor-element elementor-element-6087f2f elementor-widget elementor-widget-heading\" data-id=\"6087f2f\" data-element_type=\"widget\" data-e-type=\"widget\" data-widget_type=\"heading.default\">\n\t\t\t\t\t<h2 class=\"elementor-heading-title elementor-size-default\">Kedves <span id=\"gf-nev\"><\/span>!<\/h2>\t\t\t\t<\/div>\n\t\t\t\t<div class=\"elementor-element elementor-element-ed5750e elementor-widget elementor-widget-text-editor\" data-id=\"ed5750e\" data-element_type=\"widget\" data-e-type=\"widget\" data-widget_type=\"text-editor.default\">\n\t\t\t\t\t\t\t\t\t<strong>Jelentkez\u00e9sed sikeresen meg\u00e9rkezett hozz\u00e1nk, szeretettel v\u00e1runk a fesztiv\u00e1lon!<\/strong>\t\t\t\t\t\t\t\t<\/div>\n\t\t\t\t<div class=\"elementor-element elementor-element-3afa669 elementor-widget elementor-widget-text-editor\" data-id=\"3afa669\" data-element_type=\"widget\" data-e-type=\"widget\" data-widget_type=\"text-editor.default\">\n\t\t\t\t\t\t\t\t\t(Az \u0171rlapon megadott adataidat elk\u00fcldt\u00fck a megadott e-mail c\u00edmedre. Ha nem tal\u00e1lod a levelek k\u00f6z\u00f6tt, k\u00e9rj\u00fck, n\u00e9zz r\u00e1 a spam mapp\u00e1ra is.)\t\t\t\t\t\t\t\t<\/div>\n\t\t\t\t<div class=\"elementor-element elementor-element-037806f elementor-widget elementor-widget-text-editor\" data-id=\"037806f\" data-element_type=\"widget\" data-e-type=\"widget\" data-widget_type=\"text-editor.default\">\n\t\t\t\t\t\t\t\t\t<p>Am\u00edg itt vagy a Budapesti Hare Krisna Templom oldal\u00e1n, <strong>szeretn\u00e9nk veled megosztani egy fontos inform\u00e1ci\u00f3t.<\/strong><\/p><p>Templomunkban nap mint nap folyik \u015ar\u012b \u015ar\u012b Dayal Nit\u0101i Vijaya Gaur\u0101\u1e45ga im\u00e1data, zajlik a k\u00f6nyvoszt\u00e1s \u00e9s a lelki tud\u00e1s terjeszt\u00e9se, szervezz\u00fck programjainkat \u00e9s fesztiv\u00e1ljainkat, valamint gondoskodunk a templom \u00e9p\u00fclet\u00e9nek fenntart\u00e1s\u00e1r\u00f3l \u00e9s fejleszt\u00e9s\u00e9r\u0151l. Mindez az\u00e9rt t\u00f6rt\u00e9nik, hogy a Krisna-tudat min\u00e9l t\u00f6bb emberhez eljuthasson.<\/p><p>E szolg\u00e1latok megval\u00f3sul\u00e1sa a k\u00f6z\u00f6ss\u00e9g szeretetteljes t\u00e1mogat\u00e1s\u00e1t\u00f3l is nagym\u00e9rt\u00e9kben f\u00fcgg. Minden felaj\u00e1nl\u00e1s hozz\u00e1j\u00e1rul ahhoz, hogy \u015ar\u012bla Prabhup\u0101da misszi\u00f3ja n\u00f6vekedhessen, \u00e9s a templom lelki \u00fczenete egyre t\u00f6bb emberhez juthasson el.<\/p><p><strong style=\"font-size: 1rem;\">Ha \u00e9rzed a kapcsol\u00f3d\u00e1st \u015ar\u012b \u015ar\u012b Dayal Nit\u0101i Vijaya Gaur\u0101\u1e45ga templom\u00e1hoz, \u00e9s m\u00e9g nem vagy rendszeres t\u00e1mogat\u00f3nk, szeretettel h\u00edvunk, hogy fontold meg: tudn\u00e1d-e egy \u00e1ltalad v\u00e1lasztott havi \u00f6sszeggel seg\u00edteni ezt a misszi\u00f3t?<\/strong><\/p>\t\t\t\t\t\t\t\t<\/div>\n\t\t\t\t<div class=\"elementor-element elementor-element-4148c5f elementor-widget elementor-widget-button\" data-id=\"4148c5f\" data-element_type=\"widget\" data-e-type=\"widget\" data-widget_type=\"button.default\">\n\t\t\t\t\t\t\t\t\t\t<a class=\"elementor-button elementor-button-link elementor-size-sm\" href=\"https:\/\/budapest.krisna.hu\/en\/adomanyozas\/\">\n\t\t\t\t\t\t<span class=\"elementor-button-content-wrapper\">\n\t\t\t\t\t\t<span class=\"elementor-button-icon\">\n\t\t\t\t<svg aria-hidden=\"true\" class=\"e-font-icon-svg e-fas-hand-holding-heart\" viewbox=\"0 0 576 512\" xmlns=\"http:\/\/www.w3.org\/2000\/svg\"><path d=\"M275.3 250.5c7 7.4 18.4 7.4 25.5 0l108.9-114.2c31.6-33.2 29.8-88.2-5.6-118.8-30.8-26.7-76.7-21.9-104.9 7.7L288 36.9l-11.1-11.6C248.7-4.4 202.8-9.2 172 17.5c-35.3 30.6-37.2 85.6-5.6 118.8l108.9 114.2zm290 77.6c-11.8-10.7-30.2-10-42.6 0L430.3 402c-11.3 9.1-25.4 14-40 14H272c-8.8 0-16-7.2-16-16s7.2-16 16-16h78.3c15.9 0 30.7-10.9 33.3-26.6 3.3-20-12.1-37.4-31.6-37.4H192c-27 0-53.1 9.3-74.1 26.3L71.4 384H16c-8.8 0-16 7.2-16 16v96c0 8.8 7.2 16 16 16h356.8c14.5 0 28.6-4.9 40-14L564 377c15.2-12.1 16.4-35.3 1.3-48.9z\"><\/path><\/svg>\t\t\t<\/span>\n\t\t\t\t\t\t\t\t\t<span class=\"elementor-button-text\">Szeretn\u00e9k adom\u00e1nyoz\u00f3 lenni<\/span>\n\t\t\t\t\t<\/span>\n\t\t\t\t\t<\/a>\n\t\t\t\t\t\t\t\t<\/div>\n\t\t\t\t<div class=\"elementor-element elementor-element-f2d4a0a elementor-widget elementor-widget-text-editor\" data-id=\"f2d4a0a\" data-element_type=\"widget\" data-e-type=\"widget\" data-widget_type=\"text-editor.default\">\n\t\t\t\t\t\t\t\t\t<p>A rendszeres adom\u00e1ny nem csup\u00e1n anyagi seg\u00edts\u00e9g, hanem egy igazi kapcsol\u00f3d\u00e1s, szolg\u00e1lati lehet\u0151s\u00e9g.<br \/>H\u00e1l\u00e1s sz\u00edvvel k\u00f6sz\u00f6nj\u00fck a bizalmadat \u00e9s a t\u00e1mogat\u00e1sodat.<\/p><p><strong>A templom vezet\u0151s\u00e9ge nev\u00e9ben,<\/strong><br \/><strong>Szolg\u00e1tok,<\/strong><br \/><em>Gur\u00fattama D\u00e1sza<\/em><\/p>\t\t\t\t\t\t\t\t<\/div>\n\t\t\t\t\t<\/div>\n\t\t\t\t<\/div>\n\t\t\t\t<\/div>","protected":false},"excerpt":{"rendered":"<p>Kedves ! Jelentkez\u00e9sed sikeresen meg\u00e9rkezett hozz\u00e1nk, szeretettel v\u00e1runk a fesztiv\u00e1lon!(Az \u0171rlapon megadott adataidat elk\u00fcldt\u00fck a megadott e-mail c\u00edmedre. Ha nem tal\u00e1lod a levelek k\u00f6z\u00f6tt, k\u00e9rj\u00fck, n\u00e9zz r\u00e1 a spam mapp\u00e1ra is.) Am\u00edg itt vagy a Budapesti Hare Krisna Templom oldal\u00e1n, szeretn\u00e9nk veled megosztani egy fontos inform\u00e1ci\u00f3t. Templomunkban nap mint nap folyik \u015ar\u012b \u015ar\u012b Dayal Nit\u0101i [&hellip;]<\/p>\n","protected":false},"author":1,"featured_media":0,"parent":0,"menu_order":0,"comment_status":"closed","ping_status":"closed","template":"elementor_header_footer","meta":{"footnotes":""},"class_list":["post-984","page","type-page","status-publish","hentry"],"yoast_head":"<!-- This site is optimized with the Yoast SEO Premium plugin v27.4 (Yoast SEO v27.4) - https:\/\/yoast.com\/product\/yoast-seo-premium-wordpress\/ -->\n<title>K\u00f6sz\u00f6nj\u00fck sz\u00e9pen a jelentkez\u00e9sed! - Budapesti Har\u00e9 Krisna Templom \u00e9s Oktat\u00e1si K\u00f6zpont<\/title>\n<meta name=\"robots\" content=\"index, follow, max-snippet:-1, max-image-preview:large, max-video-preview:-1\" \/>\n<link rel=\"canonical\" href=\"https:\/\/budapest.krisna.hu\/en\/koszonjuk-szepen-a-jelentkezesed\/\" \/>\n<meta property=\"og:locale\" content=\"en_GB\" \/>\n<meta property=\"og:type\" content=\"article\" \/>\n<meta property=\"og:title\" content=\"K\u00f6sz\u00f6nj\u00fck sz\u00e9pen a jelentkez\u00e9sed!\" \/>\n<meta property=\"og:description\" content=\"Kedves ! Jelentkez\u00e9sed sikeresen meg\u00e9rkezett hozz\u00e1nk, szeretettel v\u00e1runk a fesztiv\u00e1lon!(Az \u0171rlapon megadott adataidat elk\u00fcldt\u00fck a megadott e-mail c\u00edmedre. Ha nem tal\u00e1lod a levelek k\u00f6z\u00f6tt, k\u00e9rj\u00fck, n\u00e9zz r\u00e1 a spam mapp\u00e1ra is.) Am\u00edg itt vagy a Budapesti Hare Krisna Templom oldal\u00e1n, szeretn\u00e9nk veled megosztani egy fontos inform\u00e1ci\u00f3t. Templomunkban nap mint nap folyik \u015ar\u012b \u015ar\u012b Dayal Nit\u0101i [&hellip;]\" \/>\n<meta property=\"og:url\" content=\"https:\/\/budapest.krisna.hu\/en\/koszonjuk-szepen-a-jelentkezesed\/\" \/>\n<meta property=\"og:site_name\" content=\"Budapesti Har\u00e9 Krisna Templom \u00e9s Oktat\u00e1si K\u00f6zpont\" \/>\n<meta property=\"article:modified_time\" content=\"2026-02-25T08:41:37+00:00\" \/>\n<meta name=\"twitter:card\" content=\"summary_large_image\" \/>\n<meta name=\"twitter:label1\" content=\"Estimated reading time\" \/>\n\t<meta name=\"twitter:data1\" content=\"1 minute\" \/>\n<script type=\"application\/ld+json\" class=\"yoast-schema-graph\">{\"@context\":\"https:\\\/\\\/schema.org\",\"@graph\":[{\"@type\":\"WebPage\",\"@id\":\"https:\\\/\\\/budapest.krisna.hu\\\/koszonjuk-szepen-a-jelentkezesed\\\/\",\"url\":\"https:\\\/\\\/budapest.krisna.hu\\\/koszonjuk-szepen-a-jelentkezesed\\\/\",\"name\":\"K\u00f6sz\u00f6nj\u00fck sz\u00e9pen a jelentkez\u00e9sed! - Budapesti Har\u00e9 Krisna Templom \u00e9s Oktat\u00e1si K\u00f6zpont\",\"isPartOf\":{\"@id\":\"https:\\\/\\\/budapest.krisna.hu\\\/#website\"},\"datePublished\":\"2025-10-20T08:42:05+00:00\",\"dateModified\":\"2026-02-25T08:41:37+00:00\",\"breadcrumb\":{\"@id\":\"https:\\\/\\\/budapest.krisna.hu\\\/koszonjuk-szepen-a-jelentkezesed\\\/#breadcrumb\"},\"inLanguage\":\"en-GB\",\"potentialAction\":[{\"@type\":\"ReadAction\",\"target\":[\"https:\\\/\\\/budapest.krisna.hu\\\/koszonjuk-szepen-a-jelentkezesed\\\/\"]}]},{\"@type\":\"BreadcrumbList\",\"@id\":\"https:\\\/\\\/budapest.krisna.hu\\\/koszonjuk-szepen-a-jelentkezesed\\\/#breadcrumb\",\"itemListElement\":[{\"@type\":\"ListItem\",\"position\":1,\"name\":\"Kezd\u0151lap\",\"item\":\"https:\\\/\\\/budapest.krisna.hu\\\/\"},{\"@type\":\"ListItem\",\"position\":2,\"name\":\"K\u00f6sz\u00f6nj\u00fck sz\u00e9pen a jelentkez\u00e9sed!\"}]},{\"@type\":\"WebSite\",\"@id\":\"https:\\\/\\\/budapest.krisna.hu\\\/#website\",\"url\":\"https:\\\/\\\/budapest.krisna.hu\\\/\",\"name\":\"Budapesti Har\u00e9 Krisna Templom \u00e9s Oktat\u00e1si K\u00f6zpont\",\"description\":\"Szeretettel v\u00e1runk kultur\u00e1lis programjainkra, veg\u00e1n \u00e9tterm\u00fcnkbe vagy csak egy k\u00f6rvezez\u00e9sre gy\u00f6ny\u00f6r\u0171 \u00e9p\u00fclet\u00fcnkben!\",\"publisher\":{\"@id\":\"https:\\\/\\\/budapest.krisna.hu\\\/#organization\"},\"potentialAction\":[{\"@type\":\"SearchAction\",\"target\":{\"@type\":\"EntryPoint\",\"urlTemplate\":\"https:\\\/\\\/budapest.krisna.hu\\\/?s={search_term_string}\"},\"query-input\":{\"@type\":\"PropertyValueSpecification\",\"valueRequired\":true,\"valueName\":\"search_term_string\"}}],\"inLanguage\":\"en-GB\"},{\"@type\":\"Organization\",\"@id\":\"https:\\\/\\\/budapest.krisna.hu\\\/#organization\",\"name\":\"Budapesti Har\u00e9 Krisna Templom \u00e9s Oktat\u00e1si K\u00f6zpont\",\"url\":\"https:\\\/\\\/budapest.krisna.hu\\\/\",\"logo\":{\"@type\":\"ImageObject\",\"inLanguage\":\"en-GB\",\"@id\":\"https:\\\/\\\/budapest.krisna.hu\\\/#\\\/schema\\\/logo\\\/image\\\/\",\"url\":\"https:\\\/\\\/budapest.krisna.hu\\\/wp-content\\\/uploads\\\/2025\\\/09\\\/cropped-cropped-cropped-mkthk-logo-300.png\",\"contentUrl\":\"https:\\\/\\\/budapest.krisna.hu\\\/wp-content\\\/uploads\\\/2025\\\/09\\\/cropped-cropped-cropped-mkthk-logo-300.png\",\"width\":512,\"height\":512,\"caption\":\"Budapesti Har\u00e9 Krisna Templom \u00e9s Oktat\u00e1si K\u00f6zpont\"},\"image\":{\"@id\":\"https:\\\/\\\/budapest.krisna.hu\\\/#\\\/schema\\\/logo\\\/image\\\/\"}}]}<\/script>\n<!-- \/ Yoast SEO Premium plugin. -->","yoast_head_json":{"title":"K\u00f6sz\u00f6nj\u00fck sz\u00e9pen a jelentkez\u00e9sed! - Budapesti Har\u00e9 Krisna Templom \u00e9s Oktat\u00e1si K\u00f6zpont","robots":{"index":"index","follow":"follow","max-snippet":"max-snippet:-1","max-image-preview":"max-image-preview:large","max-video-preview":"max-video-preview:-1"},"canonical":"https:\/\/budapest.krisna.hu\/en\/koszonjuk-szepen-a-jelentkezesed\/","og_locale":"en_GB","og_type":"article","og_title":"K\u00f6sz\u00f6nj\u00fck sz\u00e9pen a jelentkez\u00e9sed!","og_description":"Kedves ! Jelentkez\u00e9sed sikeresen meg\u00e9rkezett hozz\u00e1nk, szeretettel v\u00e1runk a fesztiv\u00e1lon!(Az \u0171rlapon megadott adataidat elk\u00fcldt\u00fck a megadott e-mail c\u00edmedre. Ha nem tal\u00e1lod a levelek k\u00f6z\u00f6tt, k\u00e9rj\u00fck, n\u00e9zz r\u00e1 a spam mapp\u00e1ra is.) Am\u00edg itt vagy a Budapesti Hare Krisna Templom oldal\u00e1n, szeretn\u00e9nk veled megosztani egy fontos inform\u00e1ci\u00f3t. Templomunkban nap mint nap folyik \u015ar\u012b \u015ar\u012b Dayal Nit\u0101i [&hellip;]","og_url":"https:\/\/budapest.krisna.hu\/en\/koszonjuk-szepen-a-jelentkezesed\/","og_site_name":"Budapesti Har\u00e9 Krisna Templom \u00e9s Oktat\u00e1si K\u00f6zpont","article_modified_time":"2026-02-25T08:41:37+00:00","twitter_card":"summary_large_image","twitter_misc":{"Estimated reading time":"1 minute"},"schema":{"@context":"https:\/\/schema.org","@graph":[{"@type":"WebPage","@id":"https:\/\/budapest.krisna.hu\/koszonjuk-szepen-a-jelentkezesed\/","url":"https:\/\/budapest.krisna.hu\/koszonjuk-szepen-a-jelentkezesed\/","name":"K\u00f6sz\u00f6nj\u00fck sz\u00e9pen a jelentkez\u00e9sed! - Budapesti Har\u00e9 Krisna Templom \u00e9s Oktat\u00e1si K\u00f6zpont","isPartOf":{"@id":"https:\/\/budapest.krisna.hu\/#website"},"datePublished":"2025-10-20T08:42:05+00:00","dateModified":"2026-02-25T08:41:37+00:00","breadcrumb":{"@id":"https:\/\/budapest.krisna.hu\/koszonjuk-szepen-a-jelentkezesed\/#breadcrumb"},"inLanguage":"en-GB","potentialAction":[{"@type":"ReadAction","target":["https:\/\/budapest.krisna.hu\/koszonjuk-szepen-a-jelentkezesed\/"]}]},{"@type":"BreadcrumbList","@id":"https:\/\/budapest.krisna.hu\/koszonjuk-szepen-a-jelentkezesed\/#breadcrumb","itemListElement":[{"@type":"ListItem","position":1,"name":"Kezd\u0151lap","item":"https:\/\/budapest.krisna.hu\/"},{"@type":"ListItem","position":2,"name":"K\u00f6sz\u00f6nj\u00fck sz\u00e9pen a jelentkez\u00e9sed!"}]},{"@type":"WebSite","@id":"https:\/\/budapest.krisna.hu\/#website","url":"https:\/\/budapest.krisna.hu\/","name":"Budapest Hare Krishna Temple and Educational Center","description":"Szeretettel v\u00e1runk kultur\u00e1lis programjainkra, veg\u00e1n \u00e9tterm\u00fcnkbe vagy csak egy k\u00f6rvezez\u00e9sre gy\u00f6ny\u00f6r\u0171 \u00e9p\u00fclet\u00fcnkben!","publisher":{"@id":"https:\/\/budapest.krisna.hu\/#organization"},"potentialAction":[{"@type":"SearchAction","target":{"@type":"EntryPoint","urlTemplate":"https:\/\/budapest.krisna.hu\/?s={search_term_string}"},"query-input":{"@type":"PropertyValueSpecification","valueRequired":true,"valueName":"search_term_string"}}],"inLanguage":"en-GB"},{"@type":"Organization","@id":"https:\/\/budapest.krisna.hu\/#organization","name":"Budapest Hare Krishna Temple and Educational Center","url":"https:\/\/budapest.krisna.hu\/","logo":{"@type":"ImageObject","inLanguage":"en-GB","@id":"https:\/\/budapest.krisna.hu\/#\/schema\/logo\/image\/","url":"https:\/\/budapest.krisna.hu\/wp-content\/uploads\/2025\/09\/cropped-cropped-cropped-mkthk-logo-300.png","contentUrl":"https:\/\/budapest.krisna.hu\/wp-content\/uploads\/2025\/09\/cropped-cropped-cropped-mkthk-logo-300.png","width":512,"height":512,"caption":"Budapesti Har\u00e9 Krisna Templom \u00e9s Oktat\u00e1si K\u00f6zpont"},"image":{"@id":"https:\/\/budapest.krisna.hu\/#\/schema\/logo\/image\/"}}]}},"_links":{"self":[{"href":"https:\/\/budapest.krisna.hu\/en\/wp-json\/wp\/v2\/pages\/984","targetHints":{"allow":["GET"]}}],"collection":[{"href":"https:\/\/budapest.krisna.hu\/en\/wp-json\/wp\/v2\/pages"}],"about":[{"href":"https:\/\/budapest.krisna.hu\/en\/wp-json\/wp\/v2\/types\/page"}],"author":[{"embeddable":true,"href":"https:\/\/budapest.krisna.hu\/en\/wp-json\/wp\/v2\/users\/1"}],"replies":[{"embeddable":true,"href":"https:\/\/budapest.krisna.hu\/en\/wp-json\/wp\/v2\/comments?post=984"}],"version-history":[{"count":36,"href":"https:\/\/budapest.krisna.hu\/en\/wp-json\/wp\/v2\/pages\/984\/revisions"}],"predecessor-version":[{"id":2316,"href":"https:\/\/budapest.krisna.hu\/en\/wp-json\/wp\/v2\/pages\/984\/revisions\/2316"}],"wp:attachment":[{"href":"https:\/\/budapest.krisna.hu\/en\/wp-json\/wp\/v2\/media?parent=984"}],"curies":[{"name":"wp","href":"https:\/\/api.w.org\/{rel}","templated":true}]}}